{"version":"1.0","provider_name":"SO(R)S","provider_url":"https:\/\/ntg.cafeblog.hu","author_name":"n.t.g.","author_url":"https:\/\/ntg.cafeblog.hu\/author\/n_t_g-2-2-2-2\/","title":"Pedag\u00f3gia \u00e9s p\u00e1nikroham","html":"<p>&nbsp;Ezt a levelet (a tartalm\u00e1b\u00f3l ki is fog der\u00fclni) Fanni oszt\u00e1lyf\u0151n\u00f6k\u00e9nek sz\u00e1nom. J\u00f6v\u0151 h\u00e9ten kedden csal\u00e1dl\u00e1togat\u00e1sra jelentkeztek be hozz\u00e1nk! \u00dagy \u00e9rzem magam, mint akinek megk\u00e9rd\u0151jelezik a gyerek\u00e9hez val\u00f3 jog\u00e1t, fel akarj\u00e1k m\u00e9rni a k\u00f6r\u00fclm\u00e9nyeit, \u00e9s eld\u00f6nteni HELYETTEM, hogy van-e sz\u00fcks\u00e9ge a gyerekemnek pszichol\u00f3gus seg\u00edts\u00e9g\u00e9re.&nbsp;\n<\/p><p style=\"margin-bottom: 0cm;\"><font size=\"4\">Igen, vannak probl\u00e9m\u00e1k\nFanni idegeivel mostan\u00e1ban. Szeretn\u00e9m eloszlatni azt a t\u00e9vhitet,\nami a te fejedben \u00e9l a mi kapcsolatunkr\u00f3l egym\u00e1ssal. Nem tartom\nmagam elvakult sz\u00fcl\u0151nek, l\u00e1tom a gyerekem hib\u00e1it \u00e9s gyenges\u00e9geit\nis. Ismerem \u0151t \u00e9s t\u00f6r\u0151d\u00f6m vele. B\u00e1rmit meg tudunk besz\u00e9lni\negym\u00e1ssal, de nem teszem pokoll\u00e1 az \u00e9let\u00e9t a folyamatos kontroll\nalatt tart\u00e1ssal. Teret hagyok neki kicsi kor\u00e1t\u00f3l kezdve, de mindig\nott vagyok amikor sz\u00fcks\u00e9ge van r\u00e1m. Nem kell pszichol\u00f3gusnak\nlennem ahhoz, hogy meg\u00e9rtsem a folyamatot, ami a mostani helyzethez\nvezetett n\u00e1la. <\/font>\n<\/p>\n<p style=\"margin-bottom: 0cm;\"><br>\n<\/p>\n<p style=\"margin-bottom: 0cm;\"><font size=\"4\">Ahhoz viszont, hogy te\nmeg\u00e9rtsd adok Fannihoz egy kis seg\u00edts\u00e9get. Neked \u0151 csak plusz egy\nf\u0151 az oszt\u00e1lyban, nekem pedig egy olyan ember, aki meghat\u00e1roz\u00f3\nszerepl\u0151je az \u00e9letemnek. Kihangs\u00falyozom, hogy csak az\u00e9rt teszem\nezt, mert \u00fagy gondolod nem vagyok t\u00fal k\u00f6zl\u00e9keny \u00e9s seg\u00edt\u0151k\u00e9sz.\nEzt m\u00e1r visszahallottam, teh\u00e1t nem a fant\u00e1zi\u00e1m sz\u00fclte mondat. <\/font>\n<\/p>\n<p style=\"margin-bottom: 0cm;\"><br>\n<\/p>\n<p style=\"margin-bottom: 0cm;\"><font size=\"4\">Fanni rendelkezik egy\nolyan tulajdons\u00e1ggal, ami sajnos v\u00e9gigk\u00eds\u00e9ri \u00e9s sokszor\nmegkeser\u00edti majd az \u00e9vek folyam\u00e1n az \u00e9let\u00e9t. Nevezz\u00fck\nemp\u00e1ti\u00e1nak, vagy t\u00falfejlett \u00e9rzelmi intelligenci\u00e1nak. Ezen k\u00edv\u00fcl\nnem tudja feldolgozni az igazs\u00e1gtalans\u00e1got sem.<\/font><\/p>\n<p style=\"margin-bottom: 0cm;\"><font size=\"4\">El\u00e9g neh\u00e9z csomagot\nkapott ezzel, amit meg kell tanulnia kezelni. <\/font>\n<\/p>\n<p style=\"margin-bottom: 0cm;\"><br>\n<\/p>\n<p style=\"margin-bottom: 0cm;\"><font size=\"4\">P\u00e9ld\u00e1ul ha a bar\u00e1tn\u0151i\n\u00f6sszevesznek egym\u00e1ssal, hi\u00e1ba nem \u0151t t\u00e1madj\u00e1k, az ebb\u0151l ad\u00f3d\u00f3\nfesz\u00fclts\u00e9g a fentebb eml\u00edtett okok miatt benne csap\u00f3dik le.\nLehet, hogy egy \u00f3ra m\u00falva m\u00e1r szent a b\u00e9ke az \u00e9rintett felek\nk\u00f6z\u00f6tt, de Fanni m\u00e9g este is ezen gondolkodik, meghat\u00e1rozza a\nhangulat\u00e1t is. <\/font>\n<\/p>\n<p style=\"margin-bottom: 0cm;\"><font size=\"4\">A term\u00e9szet\u00e9b\u0151l\nfakad\u00f3an meg\u00e9rzi azt is, ha valaki haragszik r\u00e1 vagy m\u00e1sk\u00e9pp\nkezeli \u0151t, mint a t\u00f6bbi embert. Ki sem kell ezt konkr\u00e9tan mondani\nneki, el\u00e9g egy pillant\u00e1s vagy egy elkapott hangulat a m\u00e1sik f\u00e9l\nfel\u0151l. <\/font>\n<\/p>\n<p style=\"margin-bottom: 0cm;\"><br>\n<\/p>\n<p style=\"margin-bottom: 0cm;\"><font size=\"4\">A t\u00f6bbi ember legyint\nerre, tov\u00e1bbl\u00e9p vagy \u00e9szre sem veszi. Az \u00e9n l\u00e1nyom lehet, hogy\nhetekig ezen kattog. <\/font>\n<\/p>\n<p style=\"margin-bottom: 0cm;\"><br>\n<\/p>\n<p style=\"margin-bottom: 0cm;\"><font size=\"4\">Az esetleges\n\u201ep\u00e1nikrohamai\u201d \u00f6nk\u00e9ntelen testi reakci\u00f3k r\u00e9sz\u00e9r\u0151l az\nelfojtott indulatokra, a sok felgy\u00fclemlett fesz\u00fclts\u00e9gre, a lenyelt\nigazs\u00e1gtalans\u00e1gokra. <\/font>\n<\/p>\n<p style=\"margin-bottom: 0cm;\"><br>\n<\/p>\n<p style=\"margin-bottom: 0cm;\"><font size=\"4\">Az ut\u00f3bbi id\u0151ben\n\u00f6sszes\u0171r\u0171s\u00f6dtek a dolgok, amik kiv\u00e1ltott\u00e1k n\u00e1la ezt a fajta\ntesti t\u00fcnetet. <\/font>\n<\/p>\n<p style=\"margin-bottom: 0cm;\"><br>\n<\/p>\n<ol><li><p style=\"margin-bottom: 0cm;\"><font size=\"4\">A tov\u00e1bbtanul\u00e1ssal\n\tj\u00e1r\u00f3 fesz\u00fclts\u00e9gek. - Igen, \u00e1tbesz\u00e9lt\u00fcnk \u00e9s megbesz\u00e9lt\u00fcnk\n\tmindent ezzel kapcsolatban. Neki m\u00e1r az is k\u00fcl\u00f6n stressz volt,\n\thogy a t\u00f6bbiek mind tudj\u00e1k mik akarnak lenni, \u00fagy \u00e9rezte, hogy\n\tegyed\u00fcl \u0151 bizonytalan \u00e9s fogalma sincs, milyen p\u00e1ly\u00e1t\n\tv\u00e1lasztana, hiszen annyi minden \u00e9rdekeln\u00e9. Ahogy kit\u00f6lt\u00f6tt\u00fck\n\t\u00e9s eld\u00f6nt\u00f6tt\u00fck, hov\u00e1 megy tov\u00e1bb, nagyon megk\u00f6nnyebb\u00fclt. De\n\taddig ez a t\u00e9ma heteken-h\u00f3napokon \u00e1t foglalkoztatta \u00e9s \u0151rl\u0151d\u00f6tt\n\tmiatta.<\/font><\/p>\n<\/li><\/ol>\n<p style=\"margin-bottom: 0cm;\"><br>\n<\/p>\n<ol start=\"2\"><li><p style=\"margin-bottom: 0cm;\"><font size=\"4\">Ami egy\u00e9rtelm\u0171\n\tdolog, ha t\u00f6bb bar\u00e1tn\u0151 tartozik \u00f6ssze, az \u00e1lland\u00f3 harc egy-egy\n\tf\u00e9l k\u00f6z\u00f6tt. Hi\u00e1ba nem volt minden kisebb \u00f6sszez\u00f6rd\u00fcl\u00e9sben\n\t\u00e9rintett, minden egyes csat\u00e1roz\u00e1st a lelk\u00e9re vett \u00e9s pr\u00f3b\u00e1lta\n\telsim\u00edtani a probl\u00e9m\u00e1kat.<\/font><\/p>\n<\/li><\/ol>\n<p style=\"margin-bottom: 0cm;\"><br>\n<\/p>\n<p style=\"margin-bottom: 0cm;\"><font size=\"4\">Val\u00f3sz\u00edn\u0171leg\nnevets\u00e9gesen kis dolgoknak t\u0171nnek ezek egy feln\u0151tt szem\u00e9vel, de\n\u00fagy gondolom, hogy egy kamasz gyerek \u00e9let\u00e9ben az ilyen apr\u00f3\ndolgok azokban a pillanatokban \u00e9letbe v\u00e1g\u00f3 fontoss\u00e1g\u00faak. <\/font>\n<\/p>\n<p style=\"margin-bottom: 0cm;\"><br>\n<\/p>\n<ol start=\"3\"><li><p style=\"margin-bottom: 0cm;\"><font size=\"4\">Volt egy el\u00e9g cs\u00fanya\n\t\u00f6sszevesz\u00e9s az egyik h\u00e9tv\u00e9g\u00e9n az apja \u00e9s a b\u00e1tyja k\u00f6z\u00f6tt.\n\tKiab\u00e1l\u00e1ssal \u00e9s egy\u00e9b dolgokkal, aminek Fanni \u00e9ppen r\u00e9szese\n\tlett. B\u00e1r csak 3. f\u00e9lk\u00e9nt volt jelen, de az ott t\u00f6rt\u00e9ntek m\u00e1r\n\t\u00f6nmagukban is nagyon f\u00e1jdalmasan \u00e9rintett\u00e9k, amire m\u00e9g nagyobb\n\tsajn\u00e1latomra m\u00e1snap itthon is r\u00e1tett m\u00e9g egy nagy csal\u00e1di\n\tmegbesz\u00e9l\u00e9s, vita. Ezt k\u00fcl\u00f6n-k\u00fcl\u00f6n is neh\u00e9z lenne\n\tfeldolgozni, de m\u00e9g fel sem ocs\u00fadott az egyikb\u0151l, m\u00e1r j\u00f6tt a\n\tm\u00e1sik. Ez a k\u00e9t nap volt az utols\u00f3 csepp Fanni pohar\u00e1ban. A\n\tkamaszk\u00e9nt meg\u00e9lt h\u00e9tk\u00f6znapi gondok tetej\u00e9be val\u00f3ban nem\n\thi\u00e1nyzott neki ez.<\/font><\/p>\n\t\n<\/li><\/ol>\n<ol start=\"4\"><li><p style=\"margin-bottom: 0cm;\"><font size=\"4\">\u00c9s akkor m\u00e9g\n\tbesz\u00e9lhet\u00fcnk r\u00f3lad is. Van p\u00e1r dolog, amit m\u00e1r r\u00e9g\u00f3ta el\n\tszeretn\u00e9k mondani neked, de mivel v\u00e9dtem a gyerekem az esetleges\n\tebb\u0151l fakad\u00f3 h\u00e1tr\u00e1nyokt\u00f3l, eddig nem tehettem meg. Azonban\n\tFanni \u201erohamai\u201d r\u00e1\u00e9bresztettek, hogy nem szabad \u00edgy\n\tm\u00e9rlegelni, az els\u0151 \u00e9s legfontosabb dolgom sz\u00fcl\u0151k\u00e9nt, hogy\n\tmindenf\u00e9lek\u00e9ppen ki\u00e1lljak a gyerekem mellett.<\/font><\/p>\n<\/li><\/ol>\n<p style=\"margin-bottom: 0cm;\"><br>\n<\/p>\n<p style=\"margin-bottom: 0cm;\"><font size=\"4\">Nem ismered ezeket a\ngyerekeket, pedig 4 \u00e9ve h\u00edvhatod magad az oszt\u00e1lyf\u0151n\u00f6k\u00fcknek. Az\nels\u0151 \u00e9vben m\u00e9g meg is volt benned a lend\u00fclet, a tettrek\u00e9szs\u00e9g,\na seg\u00edt\u0151k\u00e9szs\u00e9g, a v\u00e1gy, hogy egy igaz\u00e1n klassz\noszt\u00e1lyk\u00f6z\u00f6ss\u00e9get hozz \u00f6ssze bel\u0151l\u00fck. Tudom, hogy sok a fi\u00fa\nebben az oszt\u00e1lyban, \u00e9s sejtem, hogy az \u00e1tlagn\u00e1l t\u00f6bb gondod van\nvel\u00fck ebb\u0151l fakad\u00f3an. Ahogy teltek az \u00e9vek, \u00fagy adtad fel a\nc\u00e9lodat ami megvolt benned, mikor megkaptad \u0151ket. Al\u00e1bbhagyott a\nlelkesed\u00e9sed \u00e9s m\u00e1ra od\u00e1ig jutott\u00e1l, hogy min\u00e9l el\u0151bb el\nszeretn\u00e9d ballagtatni \u0151ket. <\/font>\n<\/p>\n<p style=\"margin-bottom: 0cm;\"><font size=\"4\">Pedag\u00f3gusk\u00e9nt elk\u00f6vett\u00e9l\nsz\u00e1mtalan hib\u00e1t, amit emberk\u00e9nt nem r\u00f3n\u00e9k fel neked, de mivel\nezt a szakm\u00e1t v\u00e1lasztottad, \u00f3ri\u00e1si felel\u0151ss\u00e9ged van t\u00f6bb\ngyermek \u00e9let\u00e9nek, fejl\u0151d\u00e9s\u00e9nek alakul\u00e1s\u00e1ban. Oszt\u00e1lyf\u0151n\u00f6kk\u00e9nt\nez a felel\u0151ss\u00e9g pedig m\u00e9g nagyobb. <\/font>\n<\/p>\n<p style=\"margin-bottom: 0cm;\"><br>\n<\/p>\n<p style=\"margin-bottom: 0cm;\"><font size=\"4\">Ha azt gondolod, hogy a\nFanni napokban el\u0151j\u00f6tt reakci\u00f3ja csak \u00e9s kiz\u00e1r\u00f3lag az itthoni\nl\u00e9gk\u00f6r \u00e9s a mi gyerekkel val\u00f3 b\u00e1n\u00e1sm\u00f3dunk k\u00f6vetkezm\u00e9nye,\nakkor javasoln\u00e1m, hogy n\u00e9zz m\u00e9lyen magadba is. <\/font>\n<\/p>\n<p style=\"margin-bottom: 0cm;\"><br>\n<\/p>\n<p style=\"margin-bottom: 0cm;\"><font size=\"4\">\u00dagy \u00e9rzed, soha nem\nkiv\u00e9telezel senkivel? Minden gyereket az oszt\u00e1lyban egyform\u00e1n\nkezelsz? Nincsenek kedvenceid? \u00c9s olyan gyerekek, akik tehetnek\nb\u00e1rmit, te m\u00e1r elk\u00f6nyvelted \u0151ket probl\u00e9m\u00e1s, kezelhetetlen\ngyerekk\u00e9nt \u00e9s ehhez m\u00e9rten is viszonyulsz hozz\u00e1juk? <\/font>\n<\/p>\n<p style=\"margin-bottom: 0cm;\"><br>\n<\/p>\n<p style=\"margin-bottom: 0cm;\"><font size=\"4\">\u00c9rtem \u00e9n, hogy nem\nk\u00f6nny\u0171 pedag\u00f3gusnak lenni. De \u00fagy gondolom, hogy feltetted erre\naz \u00e9leted, a hivat\u00e1sod kellene legyen, \u00e9s b\u00e1rmennyire nem\negyszer\u0171, minden gyereket egyenl\u0151k\u00e9nt kell tudnod kezelni. Hatalom\nvan a kezedben, ir\u00e1ny\u00edtod a mindennapjaikat, alak\u00edtod a\ngondolkod\u00e1sukat. Nem v\u00e9letlen\u00fcl mondj\u00e1k, hogy az iskola a\ngyerekek m\u00e1sodik otthona. Az oszt\u00e1lyf\u0151n\u00f6knek ha \u00fagy tetszik,\nm\u00e1sodik sz\u00fcl\u0151v\u00e9 kell v\u00e1lnia, \u00e9s ahogy \u00e9n sz\u00fcl\u0151k\u00e9nt nem\nrangsoroln\u00e1m a gyerekeim, egy tan\u00e1rnak sem szabadna \u00edgy\ncselekednie.<\/font><\/p>\n<p style=\"margin-bottom: 0cm;\"><br>\n<\/p>\n<p style=\"margin-bottom: 0cm;\"><font size=\"4\">Milyen \u00e9rz\u00e9st kelt a\ngyerekekben szerinted, ha a sz\u00fcl\u0151knek kell eld\u00f6nteni a\npap\u00edrgy\u0171jt\u00e9s vagy az oszt\u00e1lykir\u00e1ndul\u00e1s k\u00e9rd\u00e9s\u00e9t?\nMeggyeng\u00edted ezzel a saj\u00e1t \u00e9s a gyerekek poz\u00edci\u00f3j\u00e1t is. Ha\noszt\u00e1lyk\u00f6z\u00f6ss\u00e9get akarsz l\u00e9trehozni, akkor ezt hangoztatni is\nkell, nem a sz\u00e9th\u00faz\u00e1st er\u0151s\u00edteni. Persze meg lehet szavaztatni\nvel\u00fck a dolgokat, de ha a szavaz\u00e1s nem vezet eredm\u00e9nyre akkor\nneked kell d\u00f6ntened. Ez\u00e9rt vagy te a feln\u0151tt. \u00c9s ez\u00e9rt vagy te a\npedag\u00f3gus. <\/font>\n<\/p>\n<p style=\"margin-bottom: 0cm;\"><br>\n<\/p>\n<p style=\"margin-bottom: 0cm;\"><font size=\"4\">Elmondom \u00e9n, hogy mit\n\u00e9reznek az oszt\u00e1lyodban a gyerekek. Legal\u00e1bbis a nagy t\u00f6bbs\u00e9g.\n\u00dagy \u00e9rzik, hogy t\u00e9ged nem \u00e9rdekel ez az oszt\u00e1ly, csak ny\u0171g a\nnyakadon a sok plusz feladat, ink\u00e1bb elh\u00e1r\u00edtod magadt\u00f3l a\nd\u00f6nt\u00e9shozatalt, nem \u00e1llsz ki mellett\u00fck, leadod az \u00f3r\u00e1idat, mert\nmusz\u00e1j, de a lelkesed\u00e9s, ami eleinte jellemz\u0151 volt r\u00e1d, m\u00e1r\nr\u00e9gen hi\u00e1nyzik. Ha gond van vel\u00fck lekiab\u00e1lod a fej\u00fcket, de\nmegold\u00e1st vagy seg\u00edts\u00e9get nem ny\u00fajtasz fel\u00e9j\u00fck. Ezt \u00e9rzik \u0150K.\n<\/font>\n<\/p>\n<p style=\"margin-bottom: 0cm;\"><br>\n<\/p>\n<p style=\"margin-bottom: 0cm;\"><font size=\"4\">Az \u00e9n gyerekem pedig azt\n\u00e9rzi, hogy valami miatt megharagudt\u00e1l r\u00e1, \u00e9s az\u00f3ta m\u00e9g a\ntekinteted is m\u00e1s, mikor r\u00e1n\u00e9zel. Nem tud olyat mondani vagy\ntenni, hogy az el\u00e9g j\u00f3 legyen. Kiteszi a lelk\u00e9t, jelentkezik a\nplusz feladatokra, elmegy versenyekre, ha kell bent marad suli ut\u00e1n,\nm\u00e9gsem v\u00e1ltozik vele szemben a hozz\u00e1\u00e1ll\u00e1sod. Lehet, hogy nem a\nte tant\u00e1rgyad a kedvence, nem is teljes\u00edt bel\u0151le t\u00fal j\u00f3l,\nviszont van sz\u00e1mtalan egy\u00e9b dolog, amiben kit\u0171nik a t\u00f6bbiek\nk\u00f6z\u00fcl. \u00c9n elfogadtam, \u00e9s nem k\u00f6vetelem meg t\u0151le, hogy mindenb\u0151l\nkit\u0171n\u0151 legyen. Tal\u00e1n itt lenne az ideje, hogy te is megtanuld\nelfogadni: minden gyerek m\u00e1sban j\u00f3, de att\u00f3l hogy valamiben\ngyeng\u00e9bb, m\u00e9g nem kev\u00e9sb\u00e9 \u00e9rt\u00e9kes ember.<\/font><\/p>\n<p style=\"margin-bottom: 0cm;\"><br>\n<\/p>\n<p style=\"margin-bottom: 0cm;\"><font size=\"4\">Ami\u00e9rt az egyenl\u0151\nb\u00e1n\u00e1sm\u00f3dot emlegettem az el\u0151bb, azt j\u00f3l p\u00e9ld\u00e1zza a mostani\neset is, ami ut\u00e1n Fanni rosszul lett. El\u0151sz\u00f6r is megjegyezn\u00e9m,\nsoha nem b\u00e1ntottam \u00e9s nem is fogom, ha rosszabb jegyet kap. Viszont\n\u0151 annyira lelkiismeretes, hogy m\u00e1r egy h\u00e1rmasn\u00e1l \u00fagy \u00e9rzi,\ncsal\u00f3d\u00e1st okoz nekem, \u00e9s ezt nagyon nem szeretn\u00e9. <\/font>\n<\/p>\n<p style=\"margin-bottom: 0cm;\"><font size=\"4\">Amire m\u00e9g c\u00e9loztam, az\nigazs\u00e1gtalans\u00e1g. Amit szint\u00e9n nem tud hely\u00e9n kezelni, sz\u00edvesen\nelmondan\u00e1 a v\u00e9lem\u00e9ny\u00e9t, ha nem tartana a k\u00f6vetkezm\u00e9nyekt\u0151l.\nMivel azonban hallgatnia kell, el\u0151bb-ut\u00f3bb azt \u00e9rzi megfullad a\nsok ki nem mondott sz\u00f3t\u00f3l. <\/font>\n<\/p>\n<p style=\"margin-bottom: 0cm;\"><font size=\"4\">Kettest kapott. Rendben is\nvan, ha \u00edgy teljes\u00edtett \u00e9s ennyit \u00e9rdemelt nem sz\u00f3lok \u00e9rte.<\/font><\/p>\n<p style=\"margin-bottom: 0cm;\"><font size=\"4\">\u0150 sem ideges\u00edtette volna\nfel mag\u00e1t ennyire, ha nincs ott egy m\u00e1sik gyerek, akinek a\nmatematika eredm\u00e9nye szint\u00e9n kettest \u00e9rt, de sz\u00e9pen fel lett\ntorn\u00e1zva n\u00e9gyesig, mivel elvitte valakinek a leck\u00e9t amikor az\nbeteg volt. <\/font>\n<\/p>\n<p style=\"margin-bottom: 0cm;\"><br>\n<\/p>\n<p style=\"margin-bottom: 0cm;\"><font size=\"4\">\u00dagy gondolom, ha valaki\nkettest kap matekb\u00f3l, azt a matematika tud\u00e1s\u00e1ra vagy nemtud\u00e1s\u00e1ra\nkapja, nem pedig az iskol\u00e1n k\u00edv\u00fcli teljes\u00edtm\u00e9ny\u00e9re vagy\ntett\u00e9re. DE ha \u00edgy oszt\u00e1lyozol, akkor az \u00e9n l\u00e1nyom is\nki\u00e9rdemelte legal\u00e1bb a n\u00e9gyest a d\u00edszletfest\u00e9s\u00e9rt, vagy a\nmuffin s\u00fct\u00e9s\u00e9rt vagy b\u00e1rmi\u00e9rt, amit iskol\u00e1n k\u00edv\u00fcli idej\u00e9ben\ntett meg az oszt\u00e1ly\u00e9rt. Ne \u00e9rtsd f\u00e9lre, nem k\u00e9rek neki jobb\njegyet, mint amit \u00e9rdemel, de azt viszont k\u00e9rhetem, hogy egyenl\u0151en\nb\u00edr\u00e1ld el a gyerekeket az oszt\u00e1lyodban. <\/font>\n<\/p>\n<p style=\"margin-bottom: 0cm;\"><br>\n<\/p>\n<p style=\"margin-bottom: 0cm;\"><font size=\"4\">Felmer\u00fclt m\u00e9g bennem,\nhogy mi\u00e9rt kellett az \u00e9n gyerekemnek j\u00f3form\u00e1n m\u00e1sodmag\u00e1val este\nf\u00e9l nyolcig d\u00edszletet festenie az utols\u00f3 napon farsang el\u0151tt? \u00c9s\nhol volt\u00e1l ebben az id\u0151ben te? Hogyan merted \u0151ket egyed\u00fcl hagyni,\nfel\u00fcgyelet n\u00e9lk\u00fcl? <\/font>\n<\/p>\n<p style=\"margin-bottom: 0cm;\"><font size=\"4\">Mi\u00e9rt nem lehetett\np\u00e9ld\u00e1ul ezt is megoldani a teljes oszt\u00e1ly bevon\u00e1s\u00e1val \u00e9s a te\njelenl\u00e9teddel, ezzel is er\u0151s\u00edtve az oszt\u00e1lyk\u00f6z\u00f6ss\u00e9g fogalm\u00e1t?<\/font><\/p>\n<p style=\"margin-bottom: 0cm;\"><br>\n<\/p>\n<p style=\"margin-bottom: 0cm;\"><font size=\"4\">Ezen k\u00edv\u00fcl ami m\u00e9g\nelgondolkodtatott, hogy mi\u00e9rt nem ment\u00e9l TE ut\u00e1na -\noszt\u00e1lyf\u0151n\u00f6kk\u00e9nt, aki felel\u0151ss\u00e9ggel tartozik a r\u00e1b\u00edzott\ngyerekek\u00e9rt \u2013 amikor rosszul lett? Mi\u00e9rt k\u00fcldted el a gyerekeket\negy m\u00e1sik tan\u00e1r\u00e9rt? Mi\u00e9rt nem n\u00e9zt\u00e9l be hozz\u00e1, egy\u00e1ltal\u00e1n\nk\u00e9rdezted meg t\u0151le, hogy tudsz-e seg\u00edteni? Ne adj isten\nmes\u00e9ltetted volna el vele, hogy mi v\u00e1ltotta ki bel\u0151le ezt a\nreakci\u00f3t? Ennyire nem \u00e9rdekel, hogy mi t\u00f6rt\u00e9nik a \u201egyerekeiddel\u201d\n?<\/font><\/p>\n<p style=\"margin-bottom: 0cm;\"><br>\n<\/p>\n<p style=\"margin-bottom: 0cm;\"><font size=\"4\">Van m\u00e9g sz\u00e1mtalan dolog,\namit el\u0151hozhatn\u00e9k, de azt hiszem ha m\u00e1r ezzel a p\u00e1r mondattal\ngondolkod\u00e1sra k\u00e9sztettelek, \u00e9s csak kicsit is elind\u00edtotta benned\na pozit\u00edv v\u00e1ltoz\u00e1st, a k\u00f6vetkez\u0151 oszt\u00e1lyod\u00e9rt (amennyiben lesz\nilyen) m\u00e1r nagyon sokat tettem.<\/font><\/p>\n<p style=\"margin-bottom: 0cm;\"><br>\n<\/p>\n<p style=\"margin-bottom: 0cm;\"><font size=\"4\">Ha mindazt, ami elhangzott\nt\u00e1mad\u00e1snak veszed \u00e9s az ellenkez\u0151 reakci\u00f3t v\u00e1ltja ki bel\u0151led,\nmint amire sz\u00e1m\u00edtok, akkor sajnos el kell gondolkoznod azon, hogy\np\u00e1ly\u00e1t m\u00f3dos\u00edts. Ha a helyedben lenn\u00e9k, \u00e9n feln\u0151tt emberk\u00e9nt,\npedag\u00f3gusk\u00e9nt, oszt\u00e1lyf\u0151n\u00f6kk\u00e9nt h\u00e1l\u00e1s lenn\u00e9k az\n\u00e9szrev\u00e9telek\u00e9rt. Hiszen olyan ritk\u00e1n kaptok b\u00e1rmilyen\nvisszajelz\u00e9st a sz\u00fcl\u0151kt\u0151l, hogy ink\u00e1bb \u00e9p\u00edt\u0151 kritikak\u00e9nt\nfogn\u00e1m fel, mint az ellenkez\u0151j\u00e9nek.<\/font><\/p>\n<p style=\"margin-bottom: 0cm;\"><br>\n<\/p>\n<p style=\"margin-bottom: 0cm;\"><font size=\"4\">Az \u00e9n l\u00e1nyom m\u00e1r csak\np\u00e1r h\u00f3napot t\u00f6lt el az oszt\u00e1lyodban, de ha a fentiek miatt\nb\u00e1rmilyen m\u00f3don m\u00e1sk\u00e9nt kezeled, vagy rosszabbul b\u00e1nsz vele,\nvagy ak\u00e1r az eg\u00e9sz oszt\u00e1llyal, k\u00e9nytelen leszek megv\u00e9deni\n\u0151t\/\u0151ket. Sz\u00fcl\u0151i jogaimmal \u00e9lve megkeresek az \u00e9szrev\u00e9teleimmel\negy feletted \u00e1ll\u00f3 embert is. <\/font>\n<\/p>\n<p style=\"margin-bottom: 0cm;\"><br>\n<\/p>\n<p style=\"margin-bottom: 0cm;\"><font size=\"4\">Amennyiben nem csak\njavasolj\u00e1tok, hanem kik\u00f6titek, hogy Fannit pszichol\u00f3gushoz vigyem,\nterm\u00e9szetesen megteszem. F\u0151leg ha nem sz\u0171nnek meg, vagy esetleg\ns\u0171r\u0171bben el\u0151fordulnak ezek a t\u00fcnetek n\u00e1la. Azonban \u00e9desanyak\u00e9nt\n\u00fagy gondolom, hogy most neki az lenne a legjobb, ha megsz\u0171nne\nk\u00f6r\u00fcl\u00f6tte ez a felhajt\u00e1s, mindenki (\u00e9s ebbe beletartozol te is)\n\u00fagy figyelne r\u00e1 oda kicsit jobban, \u00e9s lenne vele szemben\nseg\u00edt\u0151k\u00e9szebb, toler\u00e1nsabb, hogy azt ne \u00e9rezze tehernek vagy\nt\u00e1mad\u00e1snak. Lecsitulnak benne az elm\u00falt h\u00f3napok esem\u00e9nyei, \u00e9s\nmegsz\u0171nnek a testi t\u00fcnetei is. <br><\/font><\/p><p style=\"margin-bottom: 0cm;\"><br><\/p><p style=\"margin-bottom: 0cm;\"><font size=\"4\">(El fogom k\u00fcldeni neki e-mailben, b\u00e1r eredetileg arra gondoltam, hogy felolvasom amikor j\u00f6nnek \"h\u00e1zkutat\u00e1sra\".)<br><\/font>\n<\/p>\n<p style=\"margin-bottom: 0cm;\"><br>\n<\/p>\n<p style=\"margin-bottom: 0cm;\"><br>\n<\/p>\n<p style=\"margin-bottom: 0cm;\"><br>\n<\/p>\n<p style=\"margin-bottom: 0cm;\"><br>\n<\/p>","type":"rich"}