{"version":"1.0","provider_name":"SO(R)S","provider_url":"https:\/\/ntg.cafeblog.hu","author_name":"n.t.g.","author_url":"https:\/\/ntg.cafeblog.hu\/author\/n_t_g-2-2-2-2\/","title":"\u00c9letjel","html":"<p style=\"margin-bottom: 0cm;\"><font style=\"font-size: 13pt;\" size=\"3\">Hi\u00e1ba\na lassan meg\u00e9rkez\u0151 tavasz, nem \u00e9rzem \u00fagy, hogy a term\u00e9szettel\negy\u00fctt \u00e9n is fel\u00e9ledn\u00e9k. Folyamatosan hull\u00e1mzik a hangulatom,\namit pr\u00f3b\u00e1lok napr\u00f3l-napra szinten tartani, hogy legal\u00e1bb a saj\u00e1t\nk\u00f6rnyezetem ne m\u00e9rgezzem a pesszimista gondolkod\u00e1sommal. Minden\nreggel eld\u00f6nt\u00f6m magamban, hogy akkor is nyugodt maradok \u00e9s\nmegoldok mindent, ha ezt rajtam k\u00edv\u00fcl senki nem t\u00e1mogatja, \u00e9s\n\u00f6ntik a szart a nyakamba. T\u00fal\u00e9lni mindent, l\u00e9p\u00e9sr\u0151l-l\u00e9pesre\nhaladva. Minden gonddal akkor foglalkozni, amikor elj\u00f6n a pillanat,\nhogy nem od\u00e1zhatod tov\u00e1bb \u00e9s meg kell oldanod. Nem agyalni el\u0151re,\nnem tervezgetni.  M\u00e9g \u00e9n is tanulom ezt, hogy be is tudjam\ntartani:)  Feleslegesen j\u00e1tszod le a fejedben a jeleneteket el\u0151re,\nsoha nem t\u00f6rt\u00e9nnek \u00fagy a dolgok, ahogy elk\u00e9pzelted. De m\u00e9gis, ha\nvalamennyire felk\u00e9sz\u00fclsz r\u00e1, legal\u00e1bb kapsz egy ir\u00e1nyt, amit\nmegpr\u00f3b\u00e1lhatsz tartani. <\/font>\n<\/p>\n<p style=\"margin-bottom: 0cm;\"><br>\n<\/p>\n<p style=\"margin-bottom: 0cm;\"><font style=\"font-size: 13pt;\" size=\"3\">Annyi\nmindent kellene elmes\u00e9lnem, de folyton elszalasztom a pillanatokat,\nhogy le\u00edrjam \u0151ket. Akkor szeretn\u00e9k \u00edrni r\u00f3luk amikor\nmegt\u00f6rt\u00e9ntek velem, mert az adott szitu\u00e1ci\u00f3kb\u00f3l fakad\u00f3\n\u00e9rzelmeim az id\u0151vel megkopnak, feldolgoz\u00f3dnak. Att\u00f3l tartok, hogy\nk\u00e9s\u0151bb le\u00edrva m\u00e1r csak t\u00e9nyszer\u0171 \u00edr\u00e1s lesz bel\u0151le, \u00e9s nem\ntudom igaz\u00e1n hitelesen le\u00edrni \u00fagy, hogy l\u00e1sd m\u00f6g\u00f6tte az embert,\naki \u00e9n vagyok. <\/font>\n<\/p>\n<p style=\"margin-bottom: 0cm;\"><br>\n<\/p>\n<p style=\"margin-bottom: 0cm;\"><font style=\"font-size: 13pt;\" size=\"3\">Ez\u00e9rt\nvan az, hogy kevesebbet \u00edrok. \u00c9s ha \u00edrok, akkor annak t\u00e9nyleg\ns\u00falya van, olyan dolog t\u00f6rt\u00e9nik velem, amit \u00edgy tudok feldolgozni\nvagy seg\u00edt benne, hogy \u00e1tgondoljam \u00e9s \u00e1t\u00e9rt\u00e9keljem. Mivel\n\u00e9rzem, hogy sokan gondoltok r\u00e1m \u00e9s hallan\u00e1tok m\u00e1r fel\u0151lem,\nez\u00e9rt megpr\u00f3b\u00e1lom \u00f6sszegezni az az\u00f3ta lezajlott esem\u00e9nyeket. <\/font>\n<\/p>\n<p style=\"margin-bottom: 0cm;\"><br>\n<\/p>\n<p style=\"margin-bottom: 0cm;\"><font style=\"font-size: 13pt;\" size=\"3\">A\nnagy csal\u00e1di megbesz\u00e9l\u00e9s\u00fcnk ut\u00f3hat\u00e1sa: A vit\u00e1nkat \u00fagy z\u00e1rtuk\nle, hogy javasoltam Rit\u00e1nak (Peti testv\u00e9r\u00e9nek a bar\u00e1tn\u0151je),\noldjuk meg feln\u0151ttek m\u00f3dj\u00e1ra. L\u00e9pj\u00fcnk t\u00fal a probl\u00e9m\u00e1inkon,\nkezdj\u00fcnk \u00faj alapokkal. Hozzunk szab\u00e1lyokat, amik el\u0151seg\u00edtik az\negy\u00fctt\u00e9l\u00e9s\u00fcnket, osszuk be a h\u00e1ztart\u00e1si teend\u0151ket, hogy ne\nlegyen k\u00e9s\u0151bb ism\u00e9t egym\u00e1s fej\u00e9hez vagdos\u00e1s bel\u0151le.\nMegegyezt\u00fcnk, r\u00e1b\u00f3lintottunk, bocs\u00e1natot k\u00e9rt\u00fcnk. \u00c9n t\u00e9nyleg\nelhittem, hogy a megbesz\u00e9ltek szerint \u00e9l\u00fcnk tov\u00e1bb egym\u00e1s\nmellett, viszonylagos b\u00e9k\u00e9ben. Erre m\u00e1snap kaptam a telefont\nPetit\u0151l, hogy tudok-e r\u00f3la, hogy Rit\u00e1\u00e9k k\u00f6lt\u00f6zk\u00f6dnek, mennek\nalb\u00e9rletbe. Nagyon haragudtam r\u00e1juk, mert az eg\u00e9sz\n\u201emegbesz\u00e9l\u00e9s\u00fcnk\u201d \u00e9rtelmetlenn\u00e9 v\u00e1lt. T\u00f6bb h\u00e9t eltelt\naz\u00f3ta, hogy k\u00fcl\u00f6n k\u00f6lt\u00f6ztek. Eleinte furcsa volt, \u00e9s \u00e9rdekes,\nfesz\u00fclts\u00e9ggel teli helyzeteket is hozott az \u00faj fel\u00e1ll\u00e1s. F\u0151leg,\nhogy haraggal \u00e9s vita ut\u00e1n mentek el. Meg kellett tanulnom, hogyan\nkell elengednem a haragomat, kompromisszumot kellett k\u00f6tn\u00f6m sokszor\nm\u00e9g saj\u00e1t magammal is. <\/font>\n<\/p>\n<p style=\"margin-bottom: 0cm;\"><br>\n<\/p>\n<p style=\"margin-bottom: 0cm;\"><font style=\"font-size: 13pt;\" size=\"3\">\u00dagy\ngondolom, hogy egy ember folyamatosan fejl\u0151dik. Ha el\u00e9g okos hozz\u00e1.\nNem ragadhatunk meg azon a szinten, ahov\u00e1 egyszer el\u00e9rt\u00fcnk. Nem\nd\u0151lhet\u00fcnk h\u00e1tra, \u00e9s mondhatjuk azt, hogy \u201eIlyen lettem, ezek a\njellemvon\u00e1saim, fogadjatok el \u00edgy!\u201d<\/font><\/p>\n<p style=\"margin-bottom: 0cm;\"><font style=\"font-size: 13pt;\" size=\"3\">Nagyon\nsok olyan helyzetbe ker\u00fclsz az \u00e9leted sor\u00e1n, hogy \u00f6nvizsg\u00e1latot\nkell tudnod tartani. Rajtad \u00e1ll, hogy kritikus szemmel, v\u00e1ltoz\u00e1sra,\njav\u00edt\u00e1sra k\u00e9szen teszed ezt, vagy saj\u00e1t magaddal szemben eln\u00e9z\u0151\n\u00e9s megenged\u0151 vagy-e. Mindkett\u0151 j\u00e1rhat\u00f3 \u00fat. Az ut\u00f3bbi a\nkik\u00f6vezett, a k\u00e9nyelmesebb \u00fat. \u00c9n a nehezebbet v\u00e1lasztottam.\nTanulni kell a v\u00e1ltoz\u00e1st, figyelned kell magad ak\u00e1r a m\u00e1sok\nszem\u00e9vel is. \u00c9led a mindennapjaid, l\u00e9p\u00e9sr\u0151l-l\u00e9p\u00e9sre haladsz. A\nv\u00e1ltoz\u00e1s nem felt\u00e9tlen\u00fcl jelent rosszat! Rajtad m\u00falik, hogy mit\ntanulsz \u00e9s hasznos\u00edtasz bel\u0151le, hogy jobb ember legy\u00e9l...<\/font><\/p>","type":"rich"}